{"id":3,"date":"2024-03-11T08:17:20","date_gmt":"2024-03-11T08:17:20","guid":{"rendered":"https:\/\/fairhotels.es\/?page_id=3"},"modified":"2024-04-24T11:51:23","modified_gmt":"2024-04-24T11:51:23","slug":"privacy-policy","status":"publish","type":"page","link":"https:\/\/fairhotels.es\/?page_id=3","title":{"rendered":"Pol\u00edtica de Privacidad"},"content":{"rendered":"\n<h2 class=\"wp-block-heading\">POL\u00cdTICA DE PRIVACIDAD<\/h2>\n\n\n\n<p class=\"has-text-color has-link-color has-system-sans-serif-font-family wp-elements-81e30c90dd88148072b0b890015a8786\" style=\"color:#4c827c\">Hoteles Laboralmente Responsables est\u00e1 especialmente sensibilizada en la protecci\u00f3n de datos de car\u00e1cter personal de los Usuarios del sitio web. Mediante la presente Pol\u00edtica de Privacidad (o Pol\u00edtica de Protecci\u00f3n de Datos) www.faihotels.es de los usos a los que se someten los datos de car\u00e1cter personal que se recaban en sitio web, con el fin de que decidan, libre y voluntariamente, si desea facilitar la informaci\u00f3n solicitada.<\/p>\n\n\n\n<p class=\"has-text-color has-link-color has-system-sans-serif-font-family wp-elements-7c9cd39fc8f04b36bd0ac13b92e10c16\" style=\"color:#4c827c\">Hoteles Laboralmente Responsables se reserva la facultad de modificar esta pol\u00edtica con el objeto de adaptarla a novedades legislativas, criterios jurisprudenciales, pr\u00e1cticas del sector, o intereses de la entidad. Cualquier modificaci\u00f3n en la misma ser\u00e1 anunciada con la debida antelaci\u00f3n, a fin de que tenga perfecto conocimiento de su contenido.<\/p>\n\n\n\n<h2 class=\"wp-block-heading has-x-large-font-size\">1. RESPONSABLE<\/h2>\n\n\n\n<p class=\"has-text-color has-link-color has-system-sans-serif-font-family wp-elements-92a1d8592c17701b21a1de7b56366034\" style=\"color:#4c827c\">El responsable del tratamiento de los datos de car\u00e1cter personal es: Hoteles Laboralmente Responsables &#8211; Fairhotels.es<\/p>\n\n\n\n<p class=\"has-text-color has-link-color has-system-sans-serif-font-family wp-elements-fbc5b23c30e743e19cf2659ac8787ce5\" style=\"color:#4c827c\">Puede contactar con nosotros a trav\u00e9s de <a href=\"mailto:info@fairhotels.es\" target=\"_blank\" rel=\"noreferrer noopener\">info@fairhotels.es<\/a><\/p>\n\n\n\n<h2 class=\"wp-block-heading has-x-large-font-size\">2. FINALIDAD DEL TRATAMIENTO<\/h2>\n\n\n\n<p class=\"has-text-color has-link-color has-system-sans-serif-font-family wp-elements-6f9950cf1566f34249955d4f88c5058f\" style=\"color:#4c827c\">La finalidad de la recogida y tratamiento de los datos personales, a trav\u00e9s del presente formulario es:<\/p>\n\n\n\n<ul style=\"color:#4c827c\" class=\"has-text-color has-link-color has-system-sans-serif-font-family wp-block-list wp-elements-9bf0f7dc00c03acac12a903c62935c3d\">\n<li>Resolver las consultas, dudas y sugerencias que nos pueda plantear a sobre HJLR<\/li>\n\n\n\n<li>Facilitar datos de contacto a la entidad certificadora en el supuesto de querer participar en el proceso. Ser\u00e1 esta entidad quien les solicitar\u00e1 los datos y documentos necesarios para el proceso de certificaci\u00f3n.<\/li>\n<\/ul>\n\n\n\n<h2 class=\"wp-block-heading has-x-large-font-size\">3. PLAZO DE CONSERVACI\u00d3N<\/h2>\n\n\n\n<p class=\"has-text-color has-link-color has-system-sans-serif-font-family wp-elements-185285af6a8f909e6bdbea5edb6edb25\" style=\"color:#4c827c\">Una vez resuelta la consulta, se proceder\u00e1 al borrado de los datos personales indicados quedando solamente registro de la consulta a efectos estad\u00edsticos.<\/p>\n\n\n\n<h2 class=\"wp-block-heading has-x-large-font-size\">4. LEGITIMACI\u00d3N<\/h2>\n\n\n\n<p class=\"has-text-color has-link-color has-system-sans-serif-font-family wp-elements-81789e2db234bd04e4433053fb290fb2\" style=\"color:#4c827c\">Hoteles Laboralmente Responsables &#8211; Fairhotels.es est\u00e1 legitimada al tratamiento de datos personales, en base al consentimiento otorgado por el interesado para uno o varios fines espec\u00edficos, tal y como recoge el art\u00edculo 6.1. a) al completar los formularios y marcar la casilla habilitada para tal efecto. Puedes consultar las bases legitimadoras de los diferentes tratamientos en la informaci\u00f3n anexo final.<\/p>\n\n\n\n<h2 class=\"wp-block-heading has-x-large-font-size\">5. EXACTITUD DE LOS DATOS<\/h2>\n\n\n\n<p class=\"has-text-color has-link-color has-system-sans-serif-font-family wp-elements-e22dd790d82578e125aa336e23638c3a\" style=\"color:#4c827c\">Por otro lado, con el fin de que los datos obrantes en nuestros ficheros, inform\u00e1ticos y\/o en papel, siempre corresponden a la realidad, se tratar\u00e1 de mantener actualizados. De manera que, a estos efectos, deber\u00e1n realizar los cambios, directamente, cuando as\u00ed est\u00e9 habilitado o comunic\u00e1ndose, por medio fehaciente, a Hoteles Laboralmente Responsables Fairhotels.es a trav\u00e9s del correo contacta@fairhotels.es<\/p>\n\n\n\n<h2 class=\"wp-block-heading has-x-large-font-size\">6. CESI\u00d3N DE DATOS<\/h2>\n\n\n\n<p class=\"has-text-color has-link-color has-system-sans-serif-font-family wp-elements-813cb72f41d2030b609626c143cae6d9\" style=\"color:#4c827c\">Los datos personales no ser\u00e1n cedidos o comunicados a terceros.<\/p>\n\n\n\n<h2 class=\"wp-block-heading has-x-large-font-size\">7. DERECHOS DE LOS Y LAS USUARIAS<\/h2>\n\n\n\n<p class=\"has-text-color has-link-color has-system-sans-serif-font-family wp-elements-32912537c980575d1cb5e42b2a5161d3\" style=\"color:#4c827c\">Podr\u00e1 solicitar la baja y cancelaci\u00f3n de datos remitiendo un mail a <a href=\"mailto:rgpd@fairhotels.es\" target=\"_blank\" rel=\"noreferrer noopener\">rgpd@fairhotels.es<\/a> indicando su nombre, apellidos y DNI indicando claramente su solicitud.<\/p>\n\n\n\n<h2 class=\"wp-block-heading has-x-large-font-size\">ANEXO SOBRE PROTECCI\u00d3N DE DATOS<\/h2>\n\n\n\n<h4 class=\"wp-block-heading has-medium-font-size\">\u00bfQui\u00e9n es responsable del tratamiento de sus datos personales?<\/h4>\n\n\n\n<p class=\"has-text-color has-link-color has-system-sans-serif-font-family wp-elements-a6d19fb53f6bd8713990fae4f6ac26e4\" style=\"color:#4c827c\">Nombre entidad: Hoteles Laboralmente Responsables Fairhotels.es<br>Direcci\u00f3n: Albasanz, 3 1a planta 28037 Madrid y Avenida de Am\u00e9rica, 25 &#8211; 8\u00aa planta 28002 Madrid<br>www.fairhotels.es<br>Datos de contacto Delegado de Protecci\u00f3n de Datos:<br>Direcci\u00f3n postal DPO:<br>Albasanz, 3 1a planta 28043 Madrid (CCOO)<br>Avenida de Am\u00e9rica, 25 &#8211; 8\u00aa planta 28002 Madrid (UGT)<br>Contacto Email: <a href=\"mailto:info@fairhotels.es\" target=\"_blank\" rel=\"noreferrer noopener\">info@fairhotels.es<\/a><\/p>\n\n\n\n<h4 class=\"wp-block-heading has-medium-font-size\">\u00bfPara que tratamos sus datos personales?<\/h4>\n\n\n\n<p class=\"has-text-color has-link-color has-system-sans-serif-font-family wp-elements-f300cf73263f1a1f72d0281937ad09b4\" style=\"color:#4c827c\">Sus datos ser\u00e1n tratados con el fin de gestionar su duda o cuesti\u00f3n. En el supuesto de solicitar participar en el proceso de certificaci\u00f3n, se facilitar\u00e1n los datos de contacto a la entidad certificadora. Ser\u00e1 esta entidad quien les solicitar\u00e1 los datos y documentos necesarios para el proceso de certificaci\u00f3n.<\/p>\n\n\n\n<h4 class=\"wp-block-heading has-medium-font-size\">\u00bfPor cu\u00e1nto tiempo conservamos sus datos?<\/h4>\n\n\n\n<p class=\"has-text-color has-link-color has-system-sans-serif-font-family wp-elements-53e720cf570d665f0eafd2246ac24b49\" style=\"color:#4c827c\">Los datos personales ser\u00e1n conservados por el tiempo que precisa la atenci\u00f3n de la petici\u00f3n.<\/p>\n\n\n\n<h4 class=\"wp-block-heading has-medium-font-size\">\u00bfA qui\u00e9nes podemos ceder o comunicar sus datos?<\/h4>\n\n\n\n<p class=\"has-text-color has-link-color has-system-sans-serif-font-family wp-elements-a2448b6533528fa42252150a41303e88\" style=\"color:#4c827c\">Sus datos no ser\u00e1n cedidos, salvo obligaci\u00f3n legal.<\/p>\n\n\n\n<h4 class=\"wp-block-heading has-medium-font-size\">\u00bfCu\u00e1les son sus derechos en protecci\u00f3n de datos?<\/h4>\n\n\n\n<p class=\"has-text-color has-link-color has-system-sans-serif-font-family wp-elements-32912537c980575d1cb5e42b2a5161d3\" style=\"color:#4c827c\">Podr\u00e1 solicitar la baja y cancelaci\u00f3n de datos remitiendo un mail a <a href=\"mailto:rgpd@fairhotels.es\" target=\"_blank\" rel=\"noreferrer noopener\">rgpd@fairhotels.es<\/a> indicando su nombre, apellidos y DNI indicando claramente su solicitud.<\/p>\n\n\n<div class=\"is-default-size aligncenter wp-block-site-logo\"><a href=\"https:\/\/fairhotels.es\/\" class=\"custom-logo-link\" rel=\"home\"><img loading=\"lazy\" decoding=\"async\" width=\"2599\" height=\"3627\" src=\"https:\/\/fairhotels.es\/wp-content\/uploads\/2024\/03\/Nuevo-Logo-sello-hoteles-laboralmente-responsables_Mesa-de-trabajo-1-copia-11.png\" class=\"custom-logo\" alt=\"fairshotels.es\" srcset=\"https:\/\/fairhotels.es\/wp-content\/uploads\/2024\/03\/Nuevo-Logo-sello-hoteles-laboralmente-responsables_Mesa-de-trabajo-1-copia-11.png 2599w, https:\/\/fairhotels.es\/wp-content\/uploads\/2024\/03\/Nuevo-Logo-sello-hoteles-laboralmente-responsables_Mesa-de-trabajo-1-copia-11-215x300.png 215w, https:\/\/fairhotels.es\/wp-content\/uploads\/2024\/03\/Nuevo-Logo-sello-hoteles-laboralmente-responsables_Mesa-de-trabajo-1-copia-11-734x1024.png 734w, https:\/\/fairhotels.es\/wp-content\/uploads\/2024\/03\/Nuevo-Logo-sello-hoteles-laboralmente-responsables_Mesa-de-trabajo-1-copia-11-768x1072.png 768w, https:\/\/fairhotels.es\/wp-content\/uploads\/2024\/03\/Nuevo-Logo-sello-hoteles-laboralmente-responsables_Mesa-de-trabajo-1-copia-11-1101x1536.png 1101w, https:\/\/fairhotels.es\/wp-content\/uploads\/2024\/03\/Nuevo-Logo-sello-hoteles-laboralmente-responsables_Mesa-de-trabajo-1-copia-11-1468x2048.png 1468w\" sizes=\"auto, (max-width: 2599px) 100vw, 2599px\" \/><\/a><\/div>\n\n<nav class=\"has-small-font-size items-justified-center wp-block-navigation is-content-justification-center is-layout-flex wp-container-core-navigation-is-layout-a89b3969 wp-block-navigation-is-layout-flex\" aria-label=\"Navegaci\u00f3n de Pie de p\u00e1gina\"><ul class=\"wp-block-navigation__container has-small-font-size items-justified-center wp-block-navigation has-small-font-size\"><li class=\"has-small-font-size wp-block-navigation-item is-style-arrow-link wp-block-navigation-link\"><a class=\"wp-block-navigation-item__content\"  href=\"https:\/\/fairhotels.es\/?page_id=137\"><span class=\"wp-block-navigation-item__label\">INICIO<\/span><\/a><\/li><li class=\"has-small-font-size wp-block-navigation-item is-style-arrow-link wp-block-navigation-link\"><a class=\"wp-block-navigation-item__content\"  href=\"https:\/\/fairhotels.es\/?page_id=2\"><span class=\"wp-block-navigation-item__label\">BUSCADOR<\/span><\/a><\/li><li class=\"has-small-font-size wp-block-navigation-item is-style-arrow-link wp-block-navigation-link\"><a class=\"wp-block-navigation-item__content\"  href=\"https:\/\/fairhotels.es\/?page_id=147\"><span class=\"wp-block-navigation-item__label\">CONTACTO<\/span><\/a><\/li><li style=\"text-transform:uppercase;\" class=\"has-small-font-size wp-block-navigation-item is-style-arrow-link wp-block-navigation-link\"><a class=\"wp-block-navigation-item__content\"  href=\"https:\/\/fairhotels.es\/?page_id=3\"><span class=\"wp-block-navigation-item__label\">Privacy Policy<\/span><\/a><\/li><li class=\"has-small-font-size wp-block-navigation-item is-style-arrow-link wp-block-navigation-link\"><a class=\"wp-block-navigation-item__content\"  href=\"https:\/\/fairhotels.es\/?page_id=251\" target=\"_blank\"  ><span class=\"wp-block-navigation-item__label\">AVISO LEGAL<\/span><\/a><\/li><\/ul><\/nav>","protected":false},"excerpt":{"rendered":"<p>POL\u00cdTICA DE PRIVACIDAD Hoteles Laboralmente Responsables est\u00e1 especialmente sensibilizada en la protecci\u00f3n de datos de car\u00e1cter personal de los Usuarios del sitio web. Mediante la presente Pol\u00edtica de Privacidad (o Pol\u00edtica de Protecci\u00f3n de Datos) www.faihotels.es de los usos a los que se someten los datos de car\u00e1cter personal que se recaban en sitio web, [&hellip;]<\/p>\n","protected":false},"author":1,"featured_media":0,"parent":0,"menu_order":0,"comment_status":"closed","ping_status":"closed","template":"","meta":{"footnotes":""},"class_list":["post-3","page","type-page","status-publish","hentry"],"yoast_head":"<!-- This site is optimized with the Yoast SEO plugin v27.3 - https:\/\/yoast.com\/product\/yoast-seo-wordpress\/ -->\n<title>Pol\u00edtica de Privacidad - fairshotels.es<\/title>\n<meta name=\"robots\" content=\"index, follow, max-snippet:-1, max-image-preview:large, max-video-preview:-1\" \/>\n<link rel=\"canonical\" href=\"https:\/\/fairhotels.es\/?page_id=3\" \/>\n<meta property=\"og:locale\" content=\"es_ES\" \/>\n<meta property=\"og:type\" content=\"article\" \/>\n<meta property=\"og:title\" content=\"Pol\u00edtica de Privacidad - fairshotels.es\" \/>\n<meta property=\"og:description\" content=\"POL\u00cdTICA DE PRIVACIDAD Hoteles Laboralmente Responsables est\u00e1 especialmente sensibilizada en la protecci\u00f3n de datos de car\u00e1cter personal de los Usuarios del sitio web. Mediante la presente Pol\u00edtica de Privacidad (o Pol\u00edtica de Protecci\u00f3n de Datos) www.faihotels.es de los usos a los que se someten los datos de car\u00e1cter personal que se recaban en sitio web, [&hellip;]\" \/>\n<meta property=\"og:url\" content=\"https:\/\/fairhotels.es\/?page_id=3\" \/>\n<meta property=\"og:site_name\" content=\"fairshotels.es\" \/>\n<meta property=\"article:modified_time\" content=\"2024-04-24T11:51:23+00:00\" \/>\n<meta name=\"twitter:card\" content=\"summary_large_image\" \/>\n<meta name=\"twitter:label1\" content=\"Tiempo de lectura\" \/>\n\t<meta name=\"twitter:data1\" content=\"3 minutos\" \/>\n<script type=\"application\/ld+json\" class=\"yoast-schema-graph\">{\"@context\":\"https:\\\/\\\/schema.org\",\"@graph\":[{\"@type\":\"WebPage\",\"@id\":\"https:\\\/\\\/fairhotels.es\\\/?page_id=3\",\"url\":\"https:\\\/\\\/fairhotels.es\\\/?page_id=3\",\"name\":\"Pol\u00edtica de Privacidad - fairshotels.es\",\"isPartOf\":{\"@id\":\"https:\\\/\\\/fairhotels.es\\\/#website\"},\"datePublished\":\"2024-03-11T08:17:20+00:00\",\"dateModified\":\"2024-04-24T11:51:23+00:00\",\"breadcrumb\":{\"@id\":\"https:\\\/\\\/fairhotels.es\\\/?page_id=3#breadcrumb\"},\"inLanguage\":\"es\",\"potentialAction\":[{\"@type\":\"ReadAction\",\"target\":[\"https:\\\/\\\/fairhotels.es\\\/?page_id=3\"]}]},{\"@type\":\"BreadcrumbList\",\"@id\":\"https:\\\/\\\/fairhotels.es\\\/?page_id=3#breadcrumb\",\"itemListElement\":[{\"@type\":\"ListItem\",\"position\":1,\"name\":\"Portada\",\"item\":\"https:\\\/\\\/fairhotels.es\\\/\"},{\"@type\":\"ListItem\",\"position\":2,\"name\":\"Pol\u00edtica de Privacidad\"}]},{\"@type\":\"WebSite\",\"@id\":\"https:\\\/\\\/fairhotels.es\\\/#website\",\"url\":\"https:\\\/\\\/fairhotels.es\\\/\",\"name\":\"fairshotels.es\",\"description\":\"\",\"publisher\":{\"@id\":\"https:\\\/\\\/fairhotels.es\\\/#organization\"},\"potentialAction\":[{\"@type\":\"SearchAction\",\"target\":{\"@type\":\"EntryPoint\",\"urlTemplate\":\"https:\\\/\\\/fairhotels.es\\\/?s={search_term_string}\"},\"query-input\":{\"@type\":\"PropertyValueSpecification\",\"valueRequired\":true,\"valueName\":\"search_term_string\"}}],\"inLanguage\":\"es\"},{\"@type\":\"Organization\",\"@id\":\"https:\\\/\\\/fairhotels.es\\\/#organization\",\"name\":\"fairshotels.es\",\"url\":\"https:\\\/\\\/fairhotels.es\\\/\",\"logo\":{\"@type\":\"ImageObject\",\"inLanguage\":\"es\",\"@id\":\"https:\\\/\\\/fairhotels.es\\\/#\\\/schema\\\/logo\\\/image\\\/\",\"url\":\"https:\\\/\\\/fairhotels.es\\\/wp-content\\\/uploads\\\/2024\\\/03\\\/Nuevo-Logo-sello-hoteles-laboralmente-responsables_Mesa-de-trabajo-1-copia-11.png\",\"contentUrl\":\"https:\\\/\\\/fairhotels.es\\\/wp-content\\\/uploads\\\/2024\\\/03\\\/Nuevo-Logo-sello-hoteles-laboralmente-responsables_Mesa-de-trabajo-1-copia-11.png\",\"width\":2599,\"height\":3627,\"caption\":\"fairshotels.es\"},\"image\":{\"@id\":\"https:\\\/\\\/fairhotels.es\\\/#\\\/schema\\\/logo\\\/image\\\/\"}}]}<\/script>\n<!-- \/ Yoast SEO plugin. -->","yoast_head_json":{"title":"Pol\u00edtica de Privacidad - fairshotels.es","robots":{"index":"index","follow":"follow","max-snippet":"max-snippet:-1","max-image-preview":"max-image-preview:large","max-video-preview":"max-video-preview:-1"},"canonical":"https:\/\/fairhotels.es\/?page_id=3","og_locale":"es_ES","og_type":"article","og_title":"Pol\u00edtica de Privacidad - fairshotels.es","og_description":"POL\u00cdTICA DE PRIVACIDAD Hoteles Laboralmente Responsables est\u00e1 especialmente sensibilizada en la protecci\u00f3n de datos de car\u00e1cter personal de los Usuarios del sitio web. Mediante la presente Pol\u00edtica de Privacidad (o Pol\u00edtica de Protecci\u00f3n de Datos) www.faihotels.es de los usos a los que se someten los datos de car\u00e1cter personal que se recaban en sitio web, [&hellip;]","og_url":"https:\/\/fairhotels.es\/?page_id=3","og_site_name":"fairshotels.es","article_modified_time":"2024-04-24T11:51:23+00:00","twitter_card":"summary_large_image","twitter_misc":{"Tiempo de lectura":"3 minutos"},"schema":{"@context":"https:\/\/schema.org","@graph":[{"@type":"WebPage","@id":"https:\/\/fairhotels.es\/?page_id=3","url":"https:\/\/fairhotels.es\/?page_id=3","name":"Pol\u00edtica de Privacidad - fairshotels.es","isPartOf":{"@id":"https:\/\/fairhotels.es\/#website"},"datePublished":"2024-03-11T08:17:20+00:00","dateModified":"2024-04-24T11:51:23+00:00","breadcrumb":{"@id":"https:\/\/fairhotels.es\/?page_id=3#breadcrumb"},"inLanguage":"es","potentialAction":[{"@type":"ReadAction","target":["https:\/\/fairhotels.es\/?page_id=3"]}]},{"@type":"BreadcrumbList","@id":"https:\/\/fairhotels.es\/?page_id=3#breadcrumb","itemListElement":[{"@type":"ListItem","position":1,"name":"Portada","item":"https:\/\/fairhotels.es\/"},{"@type":"ListItem","position":2,"name":"Pol\u00edtica de Privacidad"}]},{"@type":"WebSite","@id":"https:\/\/fairhotels.es\/#website","url":"https:\/\/fairhotels.es\/","name":"fairshotels.es","description":"","publisher":{"@id":"https:\/\/fairhotels.es\/#organization"},"potentialAction":[{"@type":"SearchAction","target":{"@type":"EntryPoint","urlTemplate":"https:\/\/fairhotels.es\/?s={search_term_string}"},"query-input":{"@type":"PropertyValueSpecification","valueRequired":true,"valueName":"search_term_string"}}],"inLanguage":"es"},{"@type":"Organization","@id":"https:\/\/fairhotels.es\/#organization","name":"fairshotels.es","url":"https:\/\/fairhotels.es\/","logo":{"@type":"ImageObject","inLanguage":"es","@id":"https:\/\/fairhotels.es\/#\/schema\/logo\/image\/","url":"https:\/\/fairhotels.es\/wp-content\/uploads\/2024\/03\/Nuevo-Logo-sello-hoteles-laboralmente-responsables_Mesa-de-trabajo-1-copia-11.png","contentUrl":"https:\/\/fairhotels.es\/wp-content\/uploads\/2024\/03\/Nuevo-Logo-sello-hoteles-laboralmente-responsables_Mesa-de-trabajo-1-copia-11.png","width":2599,"height":3627,"caption":"fairshotels.es"},"image":{"@id":"https:\/\/fairhotels.es\/#\/schema\/logo\/image\/"}}]}},"_links":{"self":[{"href":"https:\/\/fairhotels.es\/index.php?rest_route=\/wp\/v2\/pages\/3","targetHints":{"allow":["GET"]}}],"collection":[{"href":"https:\/\/fairhotels.es\/index.php?rest_route=\/wp\/v2\/pages"}],"about":[{"href":"https:\/\/fairhotels.es\/index.php?rest_route=\/wp\/v2\/types\/page"}],"author":[{"embeddable":true,"href":"https:\/\/fairhotels.es\/index.php?rest_route=\/wp\/v2\/users\/1"}],"replies":[{"embeddable":true,"href":"https:\/\/fairhotels.es\/index.php?rest_route=%2Fwp%2Fv2%2Fcomments&post=3"}],"version-history":[{"count":7,"href":"https:\/\/fairhotels.es\/index.php?rest_route=\/wp\/v2\/pages\/3\/revisions"}],"predecessor-version":[{"id":302,"href":"https:\/\/fairhotels.es\/index.php?rest_route=\/wp\/v2\/pages\/3\/revisions\/302"}],"wp:attachment":[{"href":"https:\/\/fairhotels.es\/index.php?rest_route=%2Fwp%2Fv2%2Fmedia&parent=3"}],"curies":[{"name":"wp","href":"https:\/\/api.w.org\/{rel}","templated":true}]}}